{"id":118,"date":"2018-05-01T18:36:27","date_gmt":"2018-05-01T16:36:27","guid":{"rendered":"https:\/\/lr3lcbfabp.preview.infomaniak.website\/?page_id=118"},"modified":"2018-05-02T12:51:33","modified_gmt":"2018-05-02T10:51:33","slug":"lalpe-seen-by-frederic-lancelon","status":"publish","type":"page","link":"https:\/\/alpe-huez-location.com\/en\/lalpe-seen-by-frederic-lancelon\/","title":{"rendered":"L&#8217;Alpe seen by Fr\u00e9d\u00e9ric Lancelon"},"content":{"rendered":"","protected":false},"excerpt":{"rendered":"","protected":false},"author":1,"featured_media":0,"parent":0,"menu_order":0,"comment_status":"closed","ping_status":"closed","template":"","meta":[],"yoast_head":"<!-- This site is optimized with the Yoast SEO plugin v15.4 - https:\/\/yoast.com\/wordpress\/plugins\/seo\/ -->\n<title>L&#039;Alpe seen by Fr\u00e9d\u00e9ric Lancelon - H\u00f4tel Alpe d&#039;Huez Les Gentianes<\/title>\n<meta name=\"robots\" content=\"index, follow, max-snippet:-1, max-image-preview:large, max-video-preview:-1\" \/>\n<link rel=\"canonical\" href=\"https:\/\/alpe-huez-location.com\/en\/lalpe-seen-by-frederic-lancelon\/\" \/>\n<meta property=\"og:locale\" content=\"en_US\" \/>\n<meta property=\"og:type\" content=\"article\" \/>\n<meta property=\"og:title\" content=\"L&#039;Alpe seen by Fr\u00e9d\u00e9ric Lancelon - H\u00f4tel Alpe d&#039;Huez Les Gentianes\" \/>\n<meta property=\"og:url\" content=\"https:\/\/alpe-huez-location.com\/en\/lalpe-seen-by-frederic-lancelon\/\" \/>\n<meta property=\"og:site_name\" content=\"H\u00f4tel Alpe d&#039;Huez Les Gentianes\" \/>\n<meta property=\"article:modified_time\" content=\"2018-05-02T10:51:33+00:00\" \/>\n<meta name=\"twitter:card\" content=\"summary_large_image\" \/>\n<meta name=\"twitter:label1\" content=\"Written by\">\n\t<meta name=\"twitter:data1\" content=\"manubass\">\n<script type=\"application\/ld+json\" class=\"yoast-schema-graph\">{\"@context\":\"https:\/\/schema.org\",\"@graph\":[{\"@type\":\"WebSite\",\"@id\":\"https:\/\/alpe-huez-location.com\/#website\",\"url\":\"https:\/\/alpe-huez-location.com\/\",\"name\":\"H\\u00f4tel Alpe d&#039;Huez Les Gentianes\",\"description\":\"\",\"potentialAction\":[{\"@type\":\"SearchAction\",\"target\":\"https:\/\/alpe-huez-location.com\/?s={search_term_string}\",\"query-input\":\"required name=search_term_string\"}],\"inLanguage\":\"en-US\"},{\"@type\":\"WebPage\",\"@id\":\"https:\/\/alpe-huez-location.com\/en\/lalpe-seen-by-frederic-lancelon\/#webpage\",\"url\":\"https:\/\/alpe-huez-location.com\/en\/lalpe-seen-by-frederic-lancelon\/\",\"name\":\"L'Alpe seen by Fr\\u00e9d\\u00e9ric Lancelon - H\\u00f4tel Alpe d&#039;Huez Les Gentianes\",\"isPartOf\":{\"@id\":\"https:\/\/alpe-huez-location.com\/#website\"},\"datePublished\":\"2018-05-01T16:36:27+00:00\",\"dateModified\":\"2018-05-02T10:51:33+00:00\",\"inLanguage\":\"en-US\",\"potentialAction\":[{\"@type\":\"ReadAction\",\"target\":[\"https:\/\/alpe-huez-location.com\/en\/lalpe-seen-by-frederic-lancelon\/\"]}]}]}<\/script>\n<!-- \/ Yoast SEO plugin. -->","_links":{"self":[{"href":"https:\/\/alpe-huez-location.com\/en\/wp-json\/wp\/v2\/pages\/118"}],"collection":[{"href":"https:\/\/alpe-huez-location.com\/en\/wp-json\/wp\/v2\/pages"}],"about":[{"href":"https:\/\/alpe-huez-location.com\/en\/wp-json\/wp\/v2\/types\/page"}],"author":[{"embeddable":true,"href":"https:\/\/alpe-huez-location.com\/en\/wp-json\/wp\/v2\/users\/1"}],"replies":[{"embeddable":true,"href":"https:\/\/alpe-huez-location.com\/en\/wp-json\/wp\/v2\/comments?post=118"}],"version-history":[{"count":0,"href":"https:\/\/alpe-huez-location.com\/en\/wp-json\/wp\/v2\/pages\/118\/revisions"}],"wp:attachment":[{"href":"https:\/\/alpe-huez-location.com\/en\/wp-json\/wp\/v2\/media?parent=118"}],"curies":[{"name":"wp","href":"https:\/\/api.w.org\/{rel}","templated":true}]}}